{"id":28,"date":"2017-04-14T14:30:15","date_gmt":"2017-04-14T12:30:15","guid":{"rendered":"https:\/\/tmfp.de\/datenschutz\/"},"modified":"2024-07-03T12:27:55","modified_gmt":"2024-07-03T10:27:55","slug":"datenschutz","status":"publish","type":"page","link":"https:\/\/tmfp.de\/datenschutz\/","title":{"rendered":"Datenschutz"},"content":{"rendered":"\n<h2 class=\"wp-block-heading\"><strong>Datenschutzerkl\u00e4rung<\/strong><\/h2>\n\n\n\n<div style=\"height:20px\" aria-hidden=\"true\" class=\"wp-block-spacer\"><\/div>\n\n\n\n<p>Verantwortlicher im Sinne der Datenschutz-Grundverordnung (DSGVO) und anderer nationaler Datenschutzgesetze der Mitgliedsstaaten sowie sonstiger datenschutzrechtlicher Bestimmungen ist<\/p>\n\n\n\n<div style=\"height:20px\" aria-hidden=\"true\" class=\"wp-block-spacer\"><\/div>\n\n\n\n<p>tremoniamedia Produktion<br>eine Marke der ansvar2030 Holding GmbH<br>Plauener Str. 21<br>44139 Dortmund<\/p>\n\n\n\n<div style=\"height:20px\" aria-hidden=\"true\" class=\"wp-block-spacer\"><\/div>\n\n\n\n<p>t. +49 231 99 777 40<br>f. +49 231 99 777 499444<\/p>\n\n\n\n<div style=\"height:20px\" aria-hidden=\"true\" class=\"wp-block-spacer\"><\/div>\n\n\n\n<p>E-Mail: <a href=\"mailto:zentrale@tmfp.de\">zentrale@tmfp.de<\/a><\/p>\n\n\n\n<div style=\"height:20px\" aria-hidden=\"true\" class=\"wp-block-spacer\"><\/div>\n\n\n\n<p>Gesch\u00e4ftsf\u00fchrer: Felix Rodenjohann<\/p>\n\n\n\n<div style=\"height:20px\" aria-hidden=\"true\" class=\"wp-block-spacer\"><\/div>\n\n\n\n<p><strong>Datenschutzbeauftragter:<\/strong><\/p>\n\n\n\n<div style=\"height:20px\" aria-hidden=\"true\" class=\"wp-block-spacer\"><\/div>\n\n\n\n<p>Patrick Halfmann<br>tremoniamedia Produktion<br>eine Marke der ansvar2030 Holding GmbH<br>Plauener Str. 21<br>44139 Dortmund<\/p>\n\n\n\n<div style=\"height:20px\" aria-hidden=\"true\" class=\"wp-block-spacer\"><\/div>\n\n\n\n<p>E-Mail: <a href=\"mailto:datenschutzbeauftragter@tmfp.de\">datenschutzbeauftragter@tmfp.de<\/a><\/p>\n\n\n\n<div style=\"height:20px\" aria-hidden=\"true\" class=\"wp-block-spacer\"><\/div>\n\n\n\n<p>Bei Fragen zum Datenschutz wenden Sie sich gerne an den Datenschutzbeauftragten.<\/p>\n\n\n\n<div style=\"height:20px\" aria-hidden=\"true\" class=\"wp-block-spacer\"><\/div>\n\n\n\n<p><strong>Begriffsbestimmungen<\/strong><\/p>\n\n\n\n<div style=\"height:20px\" aria-hidden=\"true\" class=\"wp-block-spacer\"><\/div>\n\n\n\n<p>Im Sinne dieser Datenschutzerkl\u00e4rung und in \u00dcbereinstimmung mit den Regelungen der Datenschutzgrundverordnung bezeichnet der Ausdruck:<\/p>\n\n\n\n<div style=\"height:20px\" aria-hidden=\"true\" class=\"wp-block-spacer\"><\/div>\n\n\n\n<ul class=\"wp-block-list\">\n<li>\u201eDSGVO\u201c die Verordnung (EU) 2016\/679 (Datenschutz-Grundverordnung);<\/li>\n\n\n\n<li>\u201epersonenbezogene Daten\u201c alle Informationen, die sich auf eine identifizierte oder identifizierbare nat\u00fcrliche Person (im Folgenden \u201ebetroffene Person\u201c) beziehen; als identifizierbar wird eine nat\u00fcrliche Person angesehen, die direkt oder indirekt, insbesondere mittels Zuordnung zu einer Kennung wie einem Namen, zu einer Kennnummer, zu Standortdaten, zu einer Online-Kennung oder zu einem oder mehreren besonderen Merkmalen identifiziert werden kann, die Ausdruck der physischen, physiologischen, genetischen, psychischen, wirtschaftlichen, kulturellen oder sozialen Identit\u00e4t dieser nat\u00fcrlichen Person sind;<\/li>\n\n\n\n<li>\u201eVerarbeitung\u201c jeden mit oder ohne Hilfe automatisierter Verfahren ausgef\u00fchrten Vorgang oder jede solche Vorgangsreihe im Zusammenhang mit personenbezogenen Daten wie das Erheben, das Erfassen, die Organisation, das Ordnen, die Speicherung, die Anpassung oder Ver\u00e4nderung, das Auslesen, das Abfragen, die Verwendung, die Offenlegung durch \u00dcbermittlung, Verbreitung oder eine andere Form der Bereitstellung, den Abgleich oder die Verkn\u00fcpfung, die Einschr\u00e4nkung, das L\u00f6schen oder die Vernichtung;<\/li>\n\n\n\n<li>\u201eEinschr\u00e4nkung der Verarbeitung\u201c die Markierung gespeicherter personenbezogener Daten mit dem Ziel, ihre k\u00fcnftige Verarbeitung einzuschr\u00e4nken;<\/li>\n\n\n\n<li>\u201eVerantwortlicher\u201c die nat\u00fcrliche oder juristische Person, Beh\u00f6rde, Einrichtung oder andere Stelle, die allein oder gemeinsam mit anderen \u00fcber die Zwecke und Mittel der Verarbeitung von personenbezogenen Daten entscheidet; sind die Zwecke und Mittel dieser Verarbeitung durch das Unionsrecht oder das Recht der Mitgliedstaaten vorgegeben, so k\u00f6nnen der Verantwortliche beziehungsweise die bestimmten Kriterien seiner Benennung nach dem Unionsrecht oder dem Recht der Mitgliedstaaten vorgesehen werden;<\/li>\n\n\n\n<li>\u201eAuftragsverarbeiter\u201c eine nat\u00fcrliche oder juristische Person, Beh\u00f6rde, Einrichtung oder andere Stelle, die personenbezogene Daten im Auftrag des Verantwortlichen verarbeitet;<\/li>\n\n\n\n<li>\u201eEmpf\u00e4nger\u201c eine nat\u00fcrliche oder juristische Person, Beh\u00f6rde, Einrichtung oder andere Stelle, denen personenbezogene Daten offengelegt werden, unabh\u00e4ngig davon, ob es sich bei ihr um einen Dritten handelt oder nicht. Beh\u00f6rden, die im Rahmen eines bestimmten Untersuchungsauftrags nach dem Unionsrecht oder dem Recht der Mitgliedstaaten m\u00f6glicherweise personenbezogene Daten erhalten, gelten jedoch nicht als Empf\u00e4nger; die Verarbeitung dieser Daten durch die genannten Beh\u00f6rden erfolgt im Einklang mit den geltenden Datenschutzvorschriften gem\u00e4\u00df den Zwecken der Verarbeitung;<\/li>\n\n\n\n<li>\u201eDritter\u201c eine nat\u00fcrliche oder juristische Person, Beh\u00f6rde, Einrichtung oder andere Stelle, au\u00dfer der betroffenen Person, dem Verantwortlichen, dem Auftragsverarbeiter und den Personen, die unter der unmittelbaren Verantwortung des Verantwortlichen oder des Auftragsverarbeiters befugt sind, die personenbezogenen Daten zu verarbeiten;<\/li>\n\n\n\n<li>\u201eEinwilligung\u201c der betroffenen Person jede freiwillig f\u00fcr den bestimmten Fall, in informierter Weise und unmissverst\u00e4ndlich abgegebene Willensbekundung in Form einer Erkl\u00e4rung oder einer sonstigen eindeutigen best\u00e4tigenden Handlung, mit der die betroffene Person zu verstehen gibt, dass sie mit der Verarbeitung der sie betreffenden personenbezogenen Daten einverstanden ist;<\/li>\n\n\n\n<li>\u201eAufsichtsbeh\u00f6rde\u201c eine von einem Mitgliedstaat der Europ\u00e4schen Union gem\u00e4\u00df Artikel 51 DSGVO eingerichtete unabh\u00e4ngige staatliche Stelle.<\/li>\n<\/ul>\n\n\n\n<div style=\"height:20px\" aria-hidden=\"true\" class=\"wp-block-spacer\"><\/div>\n\n\n\n<p><strong>Verarbeitung personenbezogener Daten<\/strong><\/p>\n\n\n\n<div style=\"height:20px\" aria-hidden=\"true\" class=\"wp-block-spacer\"><\/div>\n\n\n\n<p>Nachfolgend informieren wir Sie \u00fcber die Verarbeitung personenbezogener Daten sowie jeweils \u00fcber die Rechtsgrundlage, den Zweck der Verarbeitung, Dauer der Speicherung und Ihre Widerspruchs- und Beseitigungsm\u00f6glichkeiten.<\/p>\n\n\n\n<div style=\"height:20px\" aria-hidden=\"true\" class=\"wp-block-spacer\"><\/div>\n\n\n\n<p><strong>Hosting<\/strong><\/p>\n\n\n\n<div style=\"height:20px\" aria-hidden=\"true\" class=\"wp-block-spacer\"><\/div>\n\n\n\n<p>Zum Zwecke des Betriebs dieser Website haben wir mit einem externen Dienstleister einen Auftragsverarbeitungsvertrag geschlossen. Der Serverstandort liegt innerhalb der europ\u00e4ischen Union, eine \u00dcbermittlung von Daten in Staaten au\u00dferhalb der Europ\u00e4ischen Union findet nicht statt.<\/p>\n\n\n\n<div style=\"height:20px\" aria-hidden=\"true\" class=\"wp-block-spacer\"><\/div>\n\n\n\n<p><strong>Server-Logfiles<\/strong><\/p>\n\n\n\n<div style=\"height:20px\" aria-hidden=\"true\" class=\"wp-block-spacer\"><\/div>\n\n\n\n<p>Bei jedem Aufruf unserer Internetseite erfasst unser System automatisiert Daten und Informationen vom Computersystem des aufrufenden Rechners. Folgende Daten werden hierbei erhoben:<\/p>\n\n\n\n<div style=\"height:20px\" aria-hidden=\"true\" class=\"wp-block-spacer\"><\/div>\n\n\n\n<p>1. Informationen \u00fcber den Browsertyp, die verwendete Version und die Sprache<br>2. Das Betriebssystem des Nutzers<br>3. Den Internet-Service-Provider des Nutzers<br>4. Die IP-Adresse des Nutzers<br>5. Datum und Uhrzeit des Zugriffs<br>6. Websites, von denen das System des Nutzers auf unsere Internetseite gelangt<br>7. Websites, die vom System des Nutzers \u00fcber unsere Website aufgerufen werden<\/p>\n\n\n\n<div style=\"height:20px\" aria-hidden=\"true\" class=\"wp-block-spacer\"><\/div>\n\n\n\n<p>Die vor\u00fcbergehende Speicherung der IP-Adresse durch das System ist notwendig, um eine Auslieferung der Website an den Rechner des Nutzers zu erm\u00f6glichen. In den Logfiles unseres Servers werden die Daten gespeichert, um die Funktionsf\u00e4higkeit der Website sicherzustellen. Zudem dienen uns die Daten zur Optimierung der Website und zur Sicherstellung der Sicherheit unserer informationstechnischen Systeme. Hierin liegt auch unser berechtigtes Interesse im Sinne des Art.&nbsp;6 Abs.&nbsp;1 lit.&nbsp;f DSGVO. Eine Auswertung der Daten zu Marketingzwecken findet in diesem Zusammenhang nicht statt. Nach Ablauf von sieben Tagen werden die Daten automatisiert gel\u00f6scht, es sei denn ihre weitere Speicherung zu den vorgenannten Zwecken erforderlich ist. Die Daten werden gel\u00f6scht, sobald sie f\u00fcr die Erreichung des Zweckes nicht mehr erforderlich sind.<\/p>\n\n\n\n<div style=\"height:20px\" aria-hidden=\"true\" class=\"wp-block-spacer\"><\/div>\n\n\n\n<p><strong>Speicherung von Cookies<\/strong><\/p>\n\n\n\n<div style=\"height:20px\" aria-hidden=\"true\" class=\"wp-block-spacer\"><\/div>\n\n\n\n<p>Diese Webseite verwendet Cookies, das sind kleine Textdateien, die Daten \u00fcber mit dem jeweiligen Endger\u00e4t besuchte Webseiten beinhalten und vom Internetbrowser des Nutzers gespeichert werden. Wir setzen Cookies ein, um unsere Website nutzerfreundlicher zu gestalten. Einige Elemente unserer Internetseite erfordern es, dass der aufrufende Browser auch nach einem Seitenwechsel identifiziert werden kann.<br>Der Zweck der Verwendung technisch notwendiger Cookies ist, die Nutzung von Websites f\u00fcr die Nutzer zu vereinfachen, beispielsweise um eine deutsche und englische Version der Website anbieten zu k\u00f6nnen.<br>Rechtsgrundlage f\u00fcr die Speicherung von Cookies ist Art.&nbsp;6 Abs.&nbsp;1 lit.&nbsp;f DSGVO.<br>Als Nutzer k\u00f6nnen Sie \u00fcber die Einstellungen auf Ihrem Endger\u00e4t selbst beeinflussen, ob und in welchem Umfang Cookies generell gespeichert werden.<\/p>\n\n\n\n<div style=\"height:20px\" aria-hidden=\"true\" class=\"wp-block-spacer\"><\/div>\n\n\n\n<p><strong>Kontaktaufnahme<\/strong><\/p>\n\n\n\n<div style=\"height:20px\" aria-hidden=\"true\" class=\"wp-block-spacer\"><\/div>\n\n\n\n<p>Bei einer Kontaktaufnahme per E-Mail werden die vom Nutzer eingegebenen Angaben, Datum und Uhrzeit der Anfrage sowie die IP-Adresse des Nutzers zum Zwecke der Bearbeitung der Anfrage einschlie\u00dflich eventueller R\u00fcckfragen gespeichert. Die Daten werden nicht an Dritte weitergegeben.<br>Rechtsgrundlage f\u00fcr die Verarbeitung der Daten ist Art.&nbsp;6 Abs.&nbsp;1 lit.&nbsp;f DSGVO. Zielt der Kontakt auf den Abschluss eines Vertrages ab, so ist zus\u00e4tzliche Rechtsgrundlage f\u00fcr die Verarbeitung Art.&nbsp;6 Abs.&nbsp;1 lit.&nbsp;b DSGVO.<br>Die Daten werden gel\u00f6scht, sobald sie f\u00fcr die Erreichung des Zweckes ihrer Verarbeitung nicht mehr erforderlich sind. Die Erforderlichkeit \u00fcberpr\u00fcfen wir j\u00e4hrlich.<br>Nimmt der Nutzer Kontakt mit uns auf, so kann er der Speicherung seiner personenbezogenen Daten jederzeit widersprechen. In einem solchen Fall kann die Konversation nicht fortgef\u00fchrt werden. Wenden Sie sich in diesem Falle bitte an den Datenschutzbeauftragten.<\/p>\n\n\n\n<div style=\"height:20px\" aria-hidden=\"true\" class=\"wp-block-spacer\"><\/div>\n\n\n\n<p><strong>Nutzung von Google Analytics<\/strong><\/p>\n\n\n\n<div style=\"height:20px\" aria-hidden=\"true\" class=\"wp-block-spacer\"><\/div>\n\n\n\n<p>Zur statistischen Auswertung von Besuchen auf unserer Webseite setzen wir Google Analytics, einen Dienst der Google LLC, 1600 Amphitheatre Parkway Mountain View, CA 94043, ein. Dabei setzt einen Cookie, mit dem Ihre Aktivit\u00e4ten (Daten, Sitzungen und Interaktionen) \u00fcber mehrere Ger\u00e4te hinweg nachverfolgt werden k\u00f6nnen. Dabei wird Ihre Identit\u00e4t pseudonymisiert. In unserem Auftrag wird Google diese Informationen benutzen, um Ihre Nutzung der Website auszuwerten, um Reports \u00fcber die Websiteaktivit\u00e4ten zusammenzustellen und um weitere mit der Websitenutzung und der Internetnutzung verbundene Dienstleistungen gegen\u00fcber dem Websitebetreiber zu erbringen. In diesen Zwecken liegt auch unser berechtigtes Interesse an der Datenverarbeitung.<\/p>\n\n\n\n<div style=\"height:20px\" aria-hidden=\"true\" class=\"wp-block-spacer\"><\/div>\n\n\n\n<p>Die durch den Cookie erzeugten Informationen \u00fcber die Benutzung unserer Webseite werden in der Regel an einen Server von Google in den USA \u00fcbertragen und dort gespeichert. Da wir Google Analytics nur mit IP-Anonymisierung einsetzen, wird Ihre IP-Adresse von Google jedoch innerhalb von Mitgliedstaaten der Europ\u00e4ischen Union oder in anderen Vertragsstaaten des Abkommens \u00fcber den Europ\u00e4ischen Wirtschaftsraum zuvor gek\u00fcrzt. Nur in Ausnahmef\u00e4llen wird die volle IP-Adresse an einen Server von Google in den USA \u00fcbertragen und dort gek\u00fcrzt.<br>Die im Rahmen von Google Analytics von Ihrem Browser \u00fcbermittelte IP-Adresse wird nicht mit anderen Daten von Google zusammengef\u00fchrt.<\/p>\n\n\n\n<div style=\"height:20px\" aria-hidden=\"true\" class=\"wp-block-spacer\"><\/div>\n\n\n\n<p>Rechtsgrundlage der Verarbeitung ist Art. 6 Abs. 1 lit. f. DSGVO) Google Analytics, einen Webanalysedienst der Google LLC (\u201eGoogle\u201c) ein. Google verwendet Cookies. Die durch das Cookie erzeugten Informationen \u00fcber Benutzung des Onlineangebotes durch die Nutzer werden in der Regel an einen Server von Google in den USA \u00fcbertragen und dort gespeichert.<br>Die von uns gesendeten und mit Cookies, Nutzerkennungen (z. B. User-ID) oder Werbe-IDs verkn\u00fcpften Daten werden nach 14 Monaten automatisch gel\u00f6scht. Die L\u00f6schung von Daten, deren Aufbewahrungsdauer erreicht ist, erfolgt automatisch einmal im Monat.<\/p>\n\n\n\n<div style=\"height:20px\" aria-hidden=\"true\" class=\"wp-block-spacer\"><\/div>\n\n\n\n<p>Google ist unter dem Privacy-Shield-Abkommen zertifiziert und bietet hierdurch eine Garantie, das europ\u00e4ische Datenschutzrecht einzuhalten (<a href=\"https:\/\/www.privacyshield.gov\/participant?id=a2zt000000001L5AAI&amp;status=Active\">https:\/\/www.privacyshield.gov\/participant?id=a2zt000000001L5AAI&amp;status=Active<\/a>).<\/p>\n\n\n\n<div style=\"height:20px\" aria-hidden=\"true\" class=\"wp-block-spacer\"><\/div>\n\n\n\n<p>Sie k\u00f6nnen die Speicherung der Cookies durch eine entsprechende Einstellung ihrer Browser-Software verhindern. Sie k\u00f6nnen dar\u00fcber hinaus die Erfassung der durch das Cookie erzeugten und auf Ihre Nutzung der Website bezogenen Daten (inkl. Ihrer IP-Adresse) an Google sowie die Verarbeitung dieser Daten durch Google verhindern, indem Sie das unter folgendem Link verf\u00fcgbare Browser-Plugin herunterladen und installieren:&nbsp;<a href=\"http:\/\/tools.google.com\/dlpage\/gaoptout?hl=de\">http:\/\/tools.google.com\/dlpage\/gaoptout?hl=de<\/a> .<\/p>\n\n\n\n<div style=\"height:20px\" aria-hidden=\"true\" class=\"wp-block-spacer\"><\/div>\n\n\n\n<p><strong>Rechte der betroffenen Person<\/strong><\/p>\n\n\n\n<div style=\"height:20px\" aria-hidden=\"true\" class=\"wp-block-spacer\"><\/div>\n\n\n\n<p>Werden personenbezogene Daten von Ihnen verarbeitet, sind Sie Betroffener im Sinne der DSGVO und es stehen Ihnen folgende Rechte gegen\u00fcber dem Verantwortlichen zu:<\/p>\n\n\n\n<div style=\"height:20px\" aria-hidden=\"true\" class=\"wp-block-spacer\"><\/div>\n\n\n\n<p><strong>Recht auf Best\u00e4tigung<\/strong><\/p>\n\n\n\n<div style=\"height:20px\" aria-hidden=\"true\" class=\"wp-block-spacer\"><\/div>\n\n\n\n<p>Sie haben das Recht, von dem Verantwortlichen eine Best\u00e4tigung dar\u00fcber zu verlangen, ob sie betreffende personenbezogene Daten verarbeitet werden. Wenn Sie eines dieser Rechte in Anspruch nehmen m\u00f6chten, k\u00f6nnen Sie sich unter den oben genannten Kontaktdaten an den Datenschutzbeauftragten wenden.<\/p>\n\n\n\n<div style=\"height:20px\" aria-hidden=\"true\" class=\"wp-block-spacer\"><\/div>\n\n\n\n<p><strong>Recht auf Auskunft<\/strong><\/p>\n\n\n\n<div style=\"height:20px\" aria-hidden=\"true\" class=\"wp-block-spacer\"><\/div>\n\n\n\n<p>Werden personenbezogene Daten verarbeitet, so haben Sie ein Recht auf unentgeltliche Auskunft \u00fcber die verarbeiteten personenbezogenen Daten sowie eine Kopie der personenbezogenen Daten, die Gegenstand der Verarbeitung sind. Dar\u00fcber hinaus k\u00f6nnen Sie zus\u00e4tzlich folgende Informationen verlangen:<\/p>\n\n\n\n<div style=\"height:20px\" aria-hidden=\"true\" class=\"wp-block-spacer\"><\/div>\n\n\n\n<p>1. die Verarbeitungszwecke;<br>2. die Kategorien personenbezogener Daten, die verarbeitet werden;<br>3. die Empf\u00e4nger oder Kategorien von Empf\u00e4ngern, gegen\u00fcber denen die personenbezogenen Daten offengelegt worden sind oder noch offengelegt werden, insbesondere bei Empf\u00e4ngern in Drittl\u00e4ndern oder bei internationalen Organisationen;<br>4. falls m\u00f6glich die geplante Dauer, f\u00fcr die die personenbezogenen Daten gespeichert werden, oder, falls dies nicht m\u00f6glich ist, die Kriterien f\u00fcr die Festlegung dieser Dauer;<br>5. das Bestehen eines Rechts auf Berichtigung oder L\u00f6schung der sie betreffenden personenbezogenen Daten oder auf Einschr\u00e4nkung der Verarbeitung durch den Verantwortlichen oder eines Widerspruchsrechts gegen diese Verarbeitung;<br>6. das Bestehen eines Beschwerderechts bei einer Aufsichtsbeh\u00f6rde;<br>7. wenn die personenbezogenen Daten nicht bei der betroffenen Person erhoben werden, alle verf\u00fcgbaren Informationen \u00fcber die Herkunft der Daten;<br>8. das Bestehen einer automatisierten Entscheidungsfindung einschlie\u00dflich Profiling gem\u00e4\u00df Artikel 22 Abs\u00e4tze 1 und 4 DSGVO und \u2013 zumindest in diesen F\u00e4llen \u2013 aussagekr\u00e4ftige Informationen \u00fcber die involvierte Logik sowie die Tragweite und die angestrebten Auswirkungen einer derartigen Verarbeitung f\u00fcr die betroffene Person.<\/p>\n\n\n\n<div style=\"height:20px\" aria-hidden=\"true\" class=\"wp-block-spacer\"><\/div>\n\n\n\n<p>Werden personenbezogene Daten an ein Drittland oder an eine internationale Organisation \u00fcbermittelt, so haben Sie dar\u00fcber hinaus das Recht, \u00fcber die geeigneten Garantien gem\u00e4\u00df Artikel 46 DSGVO im Zusammenhang mit der \u00dcbermittlung unterrichtet zu werden.<\/p>\n\n\n\n<div style=\"height:20px\" aria-hidden=\"true\" class=\"wp-block-spacer\"><\/div>\n\n\n\n<p>Wenn Sie eines dieser Rechte in Anspruch nehmen m\u00f6chten, k\u00f6nnen Sie sich unter den oben genannten Kontaktdaten an den Datenschutzbeauftragten wenden.<\/p>\n\n\n\n<div style=\"height:20px\" aria-hidden=\"true\" class=\"wp-block-spacer\"><\/div>\n\n\n\n<p><strong>Recht auf Berichtigung<\/strong><\/p>\n\n\n\n<div style=\"height:20px\" aria-hidden=\"true\" class=\"wp-block-spacer\"><\/div>\n\n\n\n<p>Sie haben das Recht, von dem Verantwortlichen unverz\u00fcglich die Berichtigung sie betreffender unrichtiger personenbezogener Daten zu verlangen. Unter Ber\u00fccksichtigung der Zwecke der Verarbeitung hat die betroffene Person das Recht, die Vervollst\u00e4ndigung unvollst\u00e4ndiger personenbezogener Daten \u2013 auch mittels einer erg\u00e4nzenden Erkl\u00e4rung \u2013 zu verlangen.<br>Wenn Sie eines dieser Rechte in Anspruch nehmen m\u00f6chten, k\u00f6nnen Sie sich unter den oben genannten Kontaktdaten an den Datenschutzbeauftragten wenden.<\/p>\n\n\n\n<div style=\"height:20px\" aria-hidden=\"true\" class=\"wp-block-spacer\"><\/div>\n\n\n\n<p><strong>Recht auf L\u00f6schung (\u201eRecht auf Vergessenwerden\u201c)<\/strong><\/p>\n\n\n\n<div style=\"height:20px\" aria-hidden=\"true\" class=\"wp-block-spacer\"><\/div>\n\n\n\n<p>Sie haben das Recht, von dem Verantwortlichen zu verlangen, dass Sie betreffende personenbezogene Daten unverz\u00fcglich gel\u00f6scht werden, und der Verantwortliche ist verpflichtet, personenbezogene Daten unverz\u00fcglich zu l\u00f6schen, sofern einer der folgenden Gr\u00fcnde zutrifft:<\/p>\n\n\n\n<div style=\"height:20px\" aria-hidden=\"true\" class=\"wp-block-spacer\"><\/div>\n\n\n\n<ul class=\"wp-block-list\">\n<li>Die personenbezogenen Daten sind f\u00fcr die Zwecke, f\u00fcr die sie erhoben oder auf sonstige Weise verarbeitet wurden, nicht mehr notwendig.<\/li>\n\n\n\n<li>Die betroffene Person widerruft ihre Einwilligung, auf die sich die Verarbeitung gem\u00e4\u00df Artikel 6 Absatz 1 Buchstabe a oder Artikel 9 Absatz 2 Buchstabe a st\u00fctzte, und es fehlt an einer anderweitigen Rechtsgrundlage f\u00fcr die Verarbeitung.<\/li>\n\n\n\n<li>Die betroffene Person legt gem\u00e4\u00df Artikel 21 Absatz 1 DSGVO Widerspruch gegen die Verarbeitung ein und es liegen keine vorrangigen berechtigten Gr\u00fcnde f\u00fcr die Verarbeitung vor, oder die betroffene Person legt gem\u00e4\u00df Artikel 21 Absatz 2 DSGVO Widerspruch gegen die Verarbeitung ein.<\/li>\n\n\n\n<li>Die personenbezogenen Daten wurden unrechtm\u00e4\u00dfig verarbeitet.<\/li>\n\n\n\n<li>Die L\u00f6schung der personenbezogenen Daten ist zur Erf\u00fcllung einer rechtlichen Verpflichtung nach dem Unionsrecht oder dem Recht der Mitgliedstaaten erforderlich, dem der Verantwortliche unterliegt.<\/li>\n\n\n\n<li>Die personenbezogenen Daten wurden in Bezug auf angebotene Dienste der Informationsgesellschaft gem\u00e4\u00df Artikel 8 Absatz 1 erhoben.Wenn Sie eines dieser Rechte in Anspruch nehmen m\u00f6chten, k\u00f6nnen Sie sich unter den oben genannten Kontaktdaten an den Datenschutzbeauftragten wenden.<\/li>\n<\/ul>\n\n\n\n<div style=\"height:20px\" aria-hidden=\"true\" class=\"wp-block-spacer\"><\/div>\n\n\n\n<p><strong>Recht auf Einschr\u00e4nkung der Verarbeitung<\/strong><\/p>\n\n\n\n<div style=\"height:20px\" aria-hidden=\"true\" class=\"wp-block-spacer\"><\/div>\n\n\n\n<p>Sie haben das Recht, von dem Verantwortlichen die Einschr\u00e4nkung der Verarbeitung zu verlangen, wenn eine der folgenden Voraussetzungen gegeben ist:<\/p>\n\n\n\n<div style=\"height:20px\" aria-hidden=\"true\" class=\"wp-block-spacer\"><\/div>\n\n\n\n<ul class=\"wp-block-list\">\n<li>die Richtigkeit der personenbezogenen Daten von der betroffenen Person bestritten wird, und zwar f\u00fcr eine Dauer, die es dem Verantwortlichen erm\u00f6glicht, die Richtigkeit der personenbezogenen Daten zu \u00fcberpr\u00fcfen,<\/li>\n\n\n\n<li>die Verarbeitung unrechtm\u00e4\u00dfig ist und die betroffene Person die L\u00f6schung der personenbezogenen Daten ablehnt und stattdessen die Einschr\u00e4nkung der Nutzung der personenbezogenen Daten verlangt;<\/li>\n\n\n\n<li>der Verantwortliche die personenbezogenen Daten f\u00fcr die Zwecke der Verarbeitung nicht l\u00e4nger ben\u00f6tigt, die betroffene Person sie jedoch zur Geltendmachung, Aus\u00fcbung oder Verteidigung von Rechtsanspr\u00fcchen ben\u00f6tigt, oder<\/li>\n\n\n\n<li>die betroffene Person Widerspruch gegen die Verarbeitung gem\u00e4\u00df Artikel 21 Absatz 1 eingelegt hat, solange noch nicht feststeht, ob die berechtigten Gr\u00fcnde des Verantwortlichen gegen\u00fcber denen der betroffenen Person \u00fcberwiegen.Wenn Sie eines dieser Rechte in Anspruch nehmen m\u00f6chten, k\u00f6nnen Sie sich unter den oben genannten Kontaktdaten an den Datenschutzbeauftragten wenden.<\/li>\n<\/ul>\n\n\n\n<div style=\"height:20px\" aria-hidden=\"true\" class=\"wp-block-spacer\"><\/div>\n\n\n\n<p><strong>Recht auf Daten\u00fcbertragbarkeit<\/strong><\/p>\n\n\n\n<div style=\"height:20px\" aria-hidden=\"true\" class=\"wp-block-spacer\"><\/div>\n\n\n\n<p>Sie haben das Recht, die sie betreffenden personenbezogenen Daten, die sie mit als Verantwortlichem bereitgestellt hat, in einem strukturierten, g\u00e4ngigen und maschinenlesbaren Format zu erhalten, und sie hat das Recht, diese Daten einem anderen Verantwortlichen ohne Behinderung durch mich als Verantwortlichen, dem die personenbezogenen Daten bereitgestellt wurden, zu \u00fcbermitteln, sofern<\/p>\n\n\n\n<div style=\"height:20px\" aria-hidden=\"true\" class=\"wp-block-spacer\"><\/div>\n\n\n\n<ul class=\"wp-block-list\">\n<li>die Verarbeitung auf einer Einwilligung gem\u00e4\u00df Artikel 6 Absatz 1 Buchstabe a oder Artikel 9 Absatz 2 Buchstabe a DSGVO oder<\/li>\n\n\n\n<li>auf einem Vertrag gem\u00e4\u00df Artikel 6 Absatz 1 Buchstabe b DSGVO beruht und die Verarbeitung mithilfe automatisierter Verfahren erfolgt. Bei der Aus\u00fcbung ihres Rechts auf Daten\u00fcbertragbarkeit gem\u00e4\u00df Absatz 1 haben Sie au\u00dferdem das Recht, zu erwirken, dass die personenbezogenen Daten direkt von einem Verantwortlichen einem anderen Verantwortlichen \u00fcbermittelt werden, soweit dies technisch machbar ist.Wenn Sie eines dieser Rechte in Anspruch nehmen m\u00f6chten, k\u00f6nnen Sie sich unter den oben genannten Kontaktdaten an den Datenschutzbeauftragten wenden.<\/li>\n<\/ul>\n\n\n\n<div style=\"height:20px\" aria-hidden=\"true\" class=\"wp-block-spacer\"><\/div>\n\n\n\n<p><strong>Google Web Fonts<\/strong><\/p>\n\n\n\n<div style=\"height:20px\" aria-hidden=\"true\" class=\"wp-block-spacer\"><\/div>\n\n\n\n<p>Diese Seite nutzt zur einheitlichen Darstellung von Schriftarten so genannte Web Fonts, die von Google bereitgestellt werden. Beim Aufruf einer Seite l\u00e4dt Ihr Browser die ben\u00f6tigten Web Fonts in ihren Browsercache, um Texte und Schriftarten korrekt anzuzeigen.<\/p>\n\n\n\n<div style=\"height:20px\" aria-hidden=\"true\" class=\"wp-block-spacer\"><\/div>\n\n\n\n<p>Zu diesem Zweck muss der von Ihnen verwendete Browser Verbindung zu den Servern von Google aufnehmen. Hierdurch erlangt Google Kenntnis dar\u00fcber, dass \u00fcber Ihre IP-Adresse unsere Website aufgerufen wurde. Die Nutzung von Google Web Fonts erfolgt im Interesse einer einheitlichen und ansprechenden Darstellung unserer Online-Angebote. Dies stellt ein berechtigtes Interesse im Sinne von Art. 6 Abs. 1 lit. f DSGVO dar.<\/p>\n\n\n\n<div style=\"height:20px\" aria-hidden=\"true\" class=\"wp-block-spacer\"><\/div>\n\n\n\n<p>Wenn Ihr Browser Web Fonts nicht unterst\u00fctzt, wird eine Standardschrift von Ihrem Computer genutzt.<\/p>\n\n\n\n<div style=\"height:20px\" aria-hidden=\"true\" class=\"wp-block-spacer\"><\/div>\n\n\n\n<p>Weitere Informationen zu Google Web Fonts finden Sie unter https:\/\/developers.google.com\/fonts\/faq und in der Datenschutzerkl\u00e4rung von Google: https:\/\/www.google.com\/policies\/privacy\/.<\/p>\n\n\n\n<div style=\"height:20px\" aria-hidden=\"true\" class=\"wp-block-spacer\"><\/div>\n\n\n\n<p><strong>YouTube<\/strong><\/p>\n\n\n\n<div style=\"height:20px\" aria-hidden=\"true\" class=\"wp-block-spacer\"><\/div>\n\n\n\n<p>F\u00fcr Integration und Darstellung von Videoinhalten nutzt unsere Website Plugins von YouTube. Anbieter des Videoportals ist die YouTube, LLC, 901 Cherry Ave., San Bruno, CA 94066, USA. Bei Aufruf einer Seite mit integriertem YouTube-Plugin wird eine Verbindung zu den Servern von YouTube hergestellt. YouTube erf\u00e4hrt hierdurch, welche unserer Seiten Sie aufgerufen haben. YouTube kann Ihr Surfverhalten direkt Ihrem pers\u00f6nlichen Profil zuzuordnen, sollten Sie in Ihrem YouTube Konto eingeloggt sein. Durch vorheriges Ausloggen haben Sie die M\u00f6glichkeit, dies zu unterbinden. Die Nutzung von YouTube erfolgt im Interesse einer ansprechenden Darstellung unserer Online-Angebote. Dies stellt ein berechtigtes Interesse im Sinne von Art. 6 Abs. 1 lit. f DSGVO dar.<\/p>\n\n\n\n<div style=\"height:20px\" aria-hidden=\"true\" class=\"wp-block-spacer\"><\/div>\n\n\n\n<p>Einzelheiten zum Umgang mit Nutzerdaten finden Sie in der Datenschutzerkl\u00e4rung von YouTube unter: <a href=\"https:\/\/www.google.de\/intl\/de\/policies\/privacy\">https:\/\/www.google.de\/intl\/de\/policies\/privacy<\/a> .<\/p>\n\n\n\n<div style=\"height:20px\" aria-hidden=\"true\" class=\"wp-block-spacer\"><\/div>\n\n\n\n<p><strong>Vimeo<\/strong><\/p>\n\n\n\n<div style=\"height:20px\" aria-hidden=\"true\" class=\"wp-block-spacer\"><\/div>\n\n\n\n<p>F\u00fcr Integration und Darstellung von Videoinhalten nutzt unsere Website Plugins von Vimeo. Anbieter des Videoportals ist die Vimeo Inc., 555 West 18th Street, New York, New York 10011, USA. Bei Aufruf einer Seite mit integriertem Vimeo-Plugin wird eine Verbindung zu den Servern von Vimeo hergestellt. Vimeo erf\u00e4hrt hierdurch, welche unserer Seiten Sie aufgerufen haben. Vimeo erf\u00e4hrt Ihre IP-Adresse, selbst wenn Sie nicht beim Videoportal eingeloggt sind oder dort kein Konto besitzen. Es erfolgt eine \u00dcbermittlung der von Vimeo erfassten Informationen an Server des Videoportals in den USA. Vimeo kann Ihr Surfverhalten direkt Ihrem pers\u00f6nlichen Profil zuordnen. Durch vorheriges Ausloggen haben Sie die M\u00f6glichkeit, dies zu unterbinden.<\/p>\n\n\n\n<div style=\"height:20px\" aria-hidden=\"true\" class=\"wp-block-spacer\"><\/div>\n\n\n\n<p>Einzelheiten zum Umgang mit Nutzerdaten finden Sie in der Datenschutzerkl\u00e4rung von Vimeo unter: <a href=\"https:\/\/vimeo.com\/privacy\">https:\/\/vimeo.com\/privacy<\/a>.<\/p>\n\n\n\n<div style=\"height:20px\" aria-hidden=\"true\" class=\"wp-block-spacer\"><\/div>\n\n\n\n<p><strong>Real Cookie Banner<\/strong><\/p>\n\n\n\n<div style=\"height:20px\" aria-hidden=\"true\" class=\"wp-block-spacer\"><\/div>\n\n\n\n<p>Zur Verwaltung der eingesetzten Cookies und \u00e4hnlichen Technologien (Tracking-Pixel, Web-Beacons etc.) und diesbez\u00fcglicher Einwilligungen setzen wir das Consent Tool &#8222;Real Cookie Banner&#8220; ein. Details zur Funktionsweise von &#8222;Real Cookie Banner&#8220; findest du unter <a href=\"https:\/\/devowl.io\/de\/rcb\/datenverarbeitung\/\" rel=\"noreferrer noopener\" target=\"_blank\">https:\/\/devowl.io\/de\/rcb\/datenverarbeitung\/<\/a>.<\/p>\n\n\n\n<p>Rechtsgrundlagen f\u00fcr die Verarbeitung von personenbezogenen Daten in diesem Zusammenhang sind Art. 6 Abs. 1 lit. c DS-GVO und Art. 6 Abs. 1 lit. f DS-GVO. Unser berechtigtes Interesse ist die Verwaltung der eingesetzten Cookies und \u00e4hnlichen Technologien und der diesbez\u00fcglichen Einwilligungen.<\/p>\n\n\n\n<p>Die Bereitstellung der personenbezogenen Daten ist weder vertraglich vorgeschrieben noch f\u00fcr den Abschluss eines Vertrages notwendig. Du bist nicht verpflichtet die personenbezogenen Daten bereitzustellen. Wenn du die personenbezogenen Daten nicht bereitstellst, k\u00f6nnen wir deine Einwilligungen nicht verwalten.<\/p>\n\n\n\n<div style=\"height:20px\" aria-hidden=\"true\" class=\"wp-block-spacer\"><\/div>\n\n\n\n<p><strong>Widerspruchsrecht<\/strong><\/p>\n\n\n\n<div style=\"height:20px\" aria-hidden=\"true\" class=\"wp-block-spacer\"><\/div>\n\n\n\n<p>Sie haben das Recht, aus Gr\u00fcnden, die sich aus ihrer besonderen Situation ergeben, jederzeit gegen die Verarbeitung sie betreffender personenbezogener Daten, die aufgrund von Artikel 6 Absatz 1 Buchstaben e oder f DSGVO erfolgt, Widerspruch einzulegen; dies gilt auch f\u00fcr ein auf diese Bestimmungen gest\u00fctztes Profiling. Als Verantwortliche verarbeiten wir in diesem Falle die personenbezogenen Daten nicht mehr, es sei denn, wir k\u00f6nnen zwingende schutzw\u00fcrdige Gr\u00fcnde f\u00fcr die Verarbeitung nachweisen, die die Interessen, Rechte und Freiheiten der betroffenen Person \u00fcberwiegen, oder die Verarbeitung dient der Geltendmachung, Aus\u00fcbung oder Verteidigung von Rechtsanspr\u00fcchen.<\/p>\n\n\n\n<div style=\"height:20px\" aria-hidden=\"true\" class=\"wp-block-spacer\"><\/div>\n\n\n\n<p>Werden personenbezogene Daten verarbeitet, um Direktwerbung zu betreiben, so haben Sie das Recht, jederzeit Widerspruch gegen die Verarbeitung sie betreffender personenbezogener Daten zum Zwecke derartiger Werbung einzulegen; dies gilt auch f\u00fcr das Profiling, soweit es mit solcher Direktwerbung in Verbindung steht.<\/p>\n\n\n\n<div style=\"height:20px\" aria-hidden=\"true\" class=\"wp-block-spacer\"><\/div>\n\n\n\n<p>Widersprechen Sie der Verarbeitung f\u00fcr Zwecke der Direktwerbung, so werden die personenbezogenen Daten nicht mehr f\u00fcr diese Zwecke verarbeitet.<br>Sie haben das Recht, aus Gr\u00fcnden, die sich aus Ihrer besonderen Situation ergeben, gegen die Sie betreffende Verarbeitung personenbezogener Daten, die zu wissenschaftlichen oder historischen Forschungszwecken oder zu statistischen Zwecken gem\u00e4\u00df Artikel 89 Absatz 1 DSGVO erfolgt, Widerspruch einzulegen, es sei denn, die Verarbeitung ist zur Erf\u00fcllung einer im \u00f6ffentlichen Interesse liegenden Aufgabe erforderlich.<\/p>\n\n\n\n<div style=\"height:20px\" aria-hidden=\"true\" class=\"wp-block-spacer\"><\/div>\n\n\n\n<p>Wenn Sie eines dieser Rechte in Anspruch nehmen m\u00f6chten, k\u00f6nnen Sie sich unter den oben genannten Kontaktdaten an den Datenschutzbeauftragten wenden. Im Zusammenhang mit der Nutzung von Diensten der Informationsgesellschaft k\u00f6nnen Sie ungeachtet der Richtlinie 2002\/58\/EG ihr Widerspruchsrecht mittels automatisierter Verfahren aus\u00fcben, bei denen technische Spezifikationen verwendet werden.<\/p>\n\n\n\n<div style=\"height:20px\" aria-hidden=\"true\" class=\"wp-block-spacer\"><\/div>\n\n\n\n<p><strong>Automatisierte Entscheidungen im Einzelfall einschlie\u00dflich Profiling<\/strong><\/p>\n\n\n\n<div style=\"height:20px\" aria-hidden=\"true\" class=\"wp-block-spacer\"><\/div>\n\n\n\n<p>Sie haben das Recht, nicht einer ausschlie\u00dflich auf einer automatisierten Verarbeitung \u2013 einschlie\u00dflich Profiling \u2013 beruhenden Entscheidung unterworfen zu werden, die Ihnen gegen\u00fcber rechtliche Wirkung entfaltet oder Sie in \u00e4hnlicher Weise erheblich beeintr\u00e4chtigt. Dies gilt nicht, wenn die Entscheidung<\/p>\n\n\n\n<div style=\"height:20px\" aria-hidden=\"true\" class=\"wp-block-spacer\"><\/div>\n\n\n\n<ul class=\"wp-block-list\">\n<li>f\u00fcr den Abschluss oder die Erf\u00fcllung eines Vertrags zwischen der betroffenen Person und dem Verantwortlichen erforderlich ist,<\/li>\n\n\n\n<li>aufgrund von Rechtsvorschriften der Union oder der Mitgliedstaaten, denen der Verantwortliche unterliegt, zul\u00e4ssig ist und diese Rechtsvorschriften angemessene Ma\u00dfnahmen zur Wahrung der Rechte und Freiheiten sowie der berechtigten Interessen der betroffenen Person enthalten oder<\/li>\n\n\n\n<li>mit ausdr\u00fccklicher Einwilligung der betroffenen Person erfolgt.Wenn Sie eines dieser Rechte in Anspruch nehmen m\u00f6chten, k\u00f6nnen Sie sich unter den oben genannten Kontaktdaten an den Datenschutzbeauftragten wenden.<br>Recht auf Widerruf einer datenschutzrechtlichen Einwilligungserkl\u00e4rung.Sie haben das Recht, ihre Einwilligung jederzeit zu widerrufen. Wenn Sie eines dieser Rechte in Anspruch nehmen m\u00f6chten, k\u00f6nnen Sie sich unter den oben genannten Kontaktdaten an den Datenschutzbeauftragten wenden.<\/li>\n<\/ul>\n\n\n\n<div style=\"height:20px\" aria-hidden=\"true\" class=\"wp-block-spacer\"><\/div>\n\n\n\n<p><strong>Beschwerderecht bei der Datenschutzbeh\u00f6rde<\/strong><\/p>\n\n\n\n<div style=\"height:20px\" aria-hidden=\"true\" class=\"wp-block-spacer\"><\/div>\n\n\n\n<p>Sie haben das Recht, bei der Aufsichtsbeh\u00f6rde eine Beschwerde einzureichen.<\/p>\n\n\n\n<div style=\"height:60px\" aria-hidden=\"true\" class=\"wp-block-spacer\"><\/div>\n","protected":false},"excerpt":{"rendered":"<p>Datenschutzerkl\u00e4rung Verantwortlicher im Sinne der Datenschutz-Grundverordnung (DSGVO) und anderer nationaler Datenschutzgesetze der Mitgliedsstaaten sowie sonstiger datenschutzrechtlicher Bestimmungen ist tremoniamedia Produktioneine Marke der ansvar2030 Holding GmbHPlauener Str. 2144139 Dortmund t. +49 231 99 777 40f. +49 231 99 777 499444 E-Mail:&hellip;<\/p>\n","protected":false},"author":2,"featured_media":0,"parent":0,"menu_order":10,"comment_status":"closed","ping_status":"closed","template":"","meta":{"_acf_changed":false,"footnotes":""},"class_list":["post-28","page","type-page","status-publish","hentry"],"acf":[],"_links":{"self":[{"href":"https:\/\/tmfp.de\/api\/wp\/v2\/pages\/28","targetHints":{"allow":["GET"]}}],"collection":[{"href":"https:\/\/tmfp.de\/api\/wp\/v2\/pages"}],"about":[{"href":"https:\/\/tmfp.de\/api\/wp\/v2\/types\/page"}],"author":[{"embeddable":true,"href":"https:\/\/tmfp.de\/api\/wp\/v2\/users\/2"}],"replies":[{"embeddable":true,"href":"https:\/\/tmfp.de\/api\/wp\/v2\/comments?post=28"}],"version-history":[{"count":13,"href":"https:\/\/tmfp.de\/api\/wp\/v2\/pages\/28\/revisions"}],"predecessor-version":[{"id":3724,"href":"https:\/\/tmfp.de\/api\/wp\/v2\/pages\/28\/revisions\/3724"}],"wp:attachment":[{"href":"https:\/\/tmfp.de\/api\/wp\/v2\/media?parent=28"}],"curies":[{"name":"wp","href":"https:\/\/api.w.org\/{rel}","templated":true}]}}